{"id":33,"date":"2023-08-02T15:01:19","date_gmt":"2023-08-02T21:01:19","guid":{"rendered":"https:\/\/csalesianosgdl.mx\/web\/revolucion\/home\/"},"modified":"2026-09-02T13:46:18","modified_gmt":"2026-09-02T19:46:18","slug":"home","status":"publish","type":"page","link":"https:\/\/csalesianosgdl.mx\/web\/revolucion\/","title":{"rendered":"Home"},"content":{"rendered":"\n\n\n<h1><br><\/h1>\n<h1>Bienvenidos a la casa salesiana de Don Bosco<\/h1>\n<h1><br><\/h1>\n\n\n\n\n\n\n\n\n\n\n\n<h2>Mensaje del Director<\/h2>\n<p class=\"MsoNormal\" style=\"margin: 0cm; line-height: normal; font-size: medium; font-family: Aptos, sans-serif; caret-color: rgb(0, 0, 0); color: rgb(0, 0, 0);\"><strong><span lang=\"ES-TRAD\" style=\"font-size: 11pt; font-family: Calibri, sans-serif;\">La Caridad es paciente, la caridad es benigna.&nbsp;<\/span><\/strong><span lang=\"ES-TRAD\" style=\"font-size: 11pt; font-family: Calibri, sans-serif;\">\u201cConsagrados\u201d al bien integral de los j\u00f3venes<strong><o:p><\/o:p><\/strong><\/span><\/p><p class=\"MsoNormal\" style=\"margin: 0cm; line-height: normal; font-size: medium; font-family: Aptos, sans-serif; caret-color: rgb(0, 0, 0); color: rgb(0, 0, 0);\"><span lang=\"ES-TRAD\" style=\"font-size: 11pt; font-family: Calibri, sans-serif;\"><o:p>&nbsp;<\/o:p><\/span><\/p><p class=\"MsoNormal\" style=\"margin: 0cm; line-height: normal; font-size: medium; font-family: Aptos, sans-serif; caret-color: rgb(0, 0, 0); color: rgb(0, 0, 0);\"><span lang=\"ES-TRAD\" style=\"font-size: 11pt; font-family: Calibri, sans-serif;\">Querida comunidad de nuestros Colegios Salesianos de Guadalajara, reciban un cordial saludo de su servidor, P. Mario Alberto Escalante L\u00f3pez, asumiendo el servicio de Direcci\u00f3n y animaci\u00f3n general de nuestras Instituciones.<o:p><\/o:p><\/span><\/p><p class=\"MsoNormal\" style=\"margin: 0cm; line-height: normal; font-size: medium; font-family: Aptos, sans-serif; caret-color: rgb(0, 0, 0); color: rgb(0, 0, 0);\"><span lang=\"ES-TRAD\" style=\"font-size: 11pt; font-family: Calibri, sans-serif;\">Estoy agradecido con Dios y con cada uno de ustedes por el trabajo realizado por el bien de cada uno de nuestros alumnos. Gracias por todos sus esfuerzos.<o:p><\/o:p><\/span><\/p><p class=\"MsoNormal\" style=\"margin: 0cm; line-height: normal; font-size: medium; font-family: Aptos, sans-serif; caret-color: rgb(0, 0, 0); color: rgb(0, 0, 0);\"><span lang=\"ES-TRAD\" style=\"font-size: 11pt; font-family: Calibri, sans-serif;\">El ciclo escolar 2026-2027 abre para cada uno de nosotros retos nuevos, desaf\u00edos nuevos, ilusiones nuevas; que nos llevan en este a\u00f1o a seguir comprometi\u00e9ndonos en lo que nos corresponde sumar a este proyecto, como nos anima el Rector Mayor en su aguinaldo de este a\u00f1o: ser \u201cConsagrados\u201d; es decir, entregar nuestros esfuerzos diarios por el bien integral de nuestros alumnos, hijos y compa\u00f1eros.<o:p><\/o:p><\/span><\/p><p class=\"MsoNormal\" style=\"margin: 0cm; line-height: normal; font-size: medium; font-family: Aptos, sans-serif; caret-color: rgb(0, 0, 0); color: rgb(0, 0, 0);\"><span lang=\"ES-TRAD\" style=\"font-size: 11pt; font-family: Calibri, sans-serif;\">Somos herederos de un sistema educativo, inspirado por nuestro Padre Don Bosco, que nos invita a vivir con caridad y paciencia nuestra presencia con nuestros alumnos.<o:p><\/o:p><\/span><\/p><p class=\"MsoNormal\" style=\"margin: 0cm; line-height: normal; font-size: medium; font-family: Aptos, sans-serif; caret-color: rgb(0, 0, 0); color: rgb(0, 0, 0);\"><span lang=\"ES-TRAD\" style=\"font-size: 11pt; font-family: Calibri, sans-serif;\">Que la figura del Cristo Buen Pastor guie y sostenga todos nuestros esfuerzos. Encomendamos la intervenci\u00f3n de la Auxiliadora de los Cristianos en todos nuestros esfuerzos diarios y que Don Bosco nos siga inspirando a hacer el bien a cada uno de nuestros alumnos.<o:p><\/o:p><\/span><\/p><p class=\"MsoNormal\" style=\"margin: 0cm; line-height: normal; font-size: medium; font-family: Aptos, sans-serif; caret-color: rgb(0, 0, 0); color: rgb(0, 0, 0);\"><span lang=\"ES-TRAD\" style=\"font-size: 11pt; font-family: Calibri, sans-serif;\">Deseo a toda la Comunidad Educativa, mucho \u00e9xito, salud y alegr\u00eda para cada d\u00eda de este a\u00f1o.<o:p><\/o:p><\/span><\/p><p class=\"MsoNormal\" style=\"margin: 0cm; line-height: normal; font-size: medium; font-family: Aptos, sans-serif; caret-color: rgb(0, 0, 0); color: rgb(0, 0, 0);\"><span lang=\"ES-TRAD\" style=\"font-size: 11pt; font-family: Calibri, sans-serif;\"><o:p>&nbsp;<\/o:p><\/span><\/p><p class=\"MsoNormal\" style=\"margin: 0cm; line-height: normal; font-size: medium; font-family: Aptos, sans-serif; caret-color: rgb(0, 0, 0); color: rgb(0, 0, 0);\"><span lang=\"ES-TRAD\" style=\"font-size: 11pt; font-family: Calibri, sans-serif;\">Cordialmente<o:p><\/o:p><\/span><\/p><p class=\"MsoNormal\" style=\"margin: 0cm; line-height: normal; font-size: medium; font-family: Aptos, sans-serif; caret-color: rgb(0, 0, 0); color: rgb(0, 0, 0);\"><strong><span lang=\"ES-TRAD\" style=\"font-size: 11pt; font-family: Calibri, sans-serif;\">P. Mario Alberto Escalante L\u00f3pez sdb<o:p><\/o:p><\/span><\/strong><\/p><p class=\"MsoNormal\" style=\"margin: 0cm; line-height: normal; font-size: medium; font-family: Aptos, sans-serif; caret-color: rgb(0, 0, 0); color: rgb(0, 0, 0);\"><span lang=\"ES-TRAD\" style=\"font-size: 11pt; font-family: Calibri, sans-serif;\">Director General Colegios Salesianos de Guadalajara<o:p><\/o:p><\/span><\/p>\n<p><br><\/p>\n\n\n\n\n\n\n\n<h2>Mensaje de la Directora<\/h2>\n<p class=\"MsoNormal\" style=\"margin: 0cm; line-height: normal; font-size: medium; font-family: Aptos, sans-serif; caret-color: rgb(0, 0, 0); color: rgb(0, 0, 0);\"><span lang=\"ES-TRAD\" style=\"font-size: 11pt; font-family: Calibri, sans-serif;\">Queridas familias del Colegio Salesiano An\u00e1huac Revoluci\u00f3n:\n<\/span><\/p>\n<p class=\"MsoNormal\" style=\"margin: 0cm; line-height: normal; font-size: medium; font-family: Aptos, sans-serif; caret-color: rgb(0, 0, 0); color: rgb(0, 0, 0);\"><span lang=\"ES-TRAD\" style=\"font-size: 11pt; font-family: Calibri, sans-serif;\">\nCon el coraz\u00f3n lleno de alegr\u00eda y entusiasmo, es momento de comenzar juntos este nuevo ciclo escolar 2026-2027. Como comunidad educativa salesiana, iniciamos este camino con la certeza de que cada ni\u00f1o, ni\u00f1a y joven que forma parte de nuestra casa es, ante todo, un regalo que Dios nos conf\u00eda para acompa\u00f1ar, formar y hacer crecer.\n\nSiguiendo el ejemplo de Don Bosco, queremos que esta sea una casa que acoge, una escuela que prepara para la vida y una parroquia que evangeliza. Educar con el coraz\u00f3n, desde el Sistema Preventivo para formar buenos cristianos y honrados  ciudadanos.\n\nReciban nuestro compromiso, junto con todo el equipo directivo y docente, para trabajar con entusiasmo, cercan\u00eda y profesionalismo por la educaci\u00f3n integral de cada uno de nuestros alumnos.\n<\/span><\/p>\n<p class=\"MsoNormal\" style=\"margin: 0cm; line-height: normal; font-size: medium; font-family: Aptos, sans-serif; caret-color: rgb(0, 0, 0); color: rgb(0, 0, 0);\"><span lang=\"ES-TRAD\" style=\"font-size: 11pt; font-family: Calibri, sans-serif;\"><strong>\nMtra. Leticia Adriana D\u00edaz N\u00e1jera\n<\/strong><\/span><\/p>\n<p class=\"MsoNormal\" style=\"margin: 0cm; line-height: normal; font-size: medium; font-family: Aptos, sans-serif; caret-color: rgb(0, 0, 0); color: rgb(0, 0, 0);\"><span lang=\"ES-TRAD\" style=\"font-size: 11pt; font-family: Calibri, sans-serif;\">Directora del Colegio Salesiano An\u00e1huac Revoluci\u00f3n<\/span><\/p>\n<p><br><\/p>\n\n\n\n\n<h2>Inscr\u00edbete<\/h2>\n\n\n\n\n\n\n\n\n\n<p>B<span style=\"caret-color: rgb(100, 106, 124); color: rgb(100, 106, 124); font-family: Lato, sans-serif;\">rindamos espacios creativos de aprendizaje, en los que nuestros alumnos desarrollen habilidades, adquieran conocimientos s\u00f3lidos, h\u00e1bitos de trabajo individual y en equipo, consoliden y aprecien los valores formativos y normas de convivencia.<\/span><br><\/p>\n\n\n\n\n\n\n\n\n\n\n\n\n\n\n<p><span style=\"caret-color: rgb(100, 106, 124); color: rgb(100, 106, 124); font-family: Lato, sans-serif;\">Acompa\u00f1amos los procesos de fortalecimiento de la identidad, sexualidad y valores propios de la adolescencia, por medio de una cercan\u00eda confiable que ayude a generar amistad y un sentido de la vivencia espiritual.<\/span><br><\/p>\n\n\n\n\n\n\n\n\n\n\n\n\n\n\n<p><span style=\"caret-color: rgb(100, 106, 124); color: rgb(100, 106, 124); font-family: Lato, sans-serif;\">Buscamos que los alumnos desarrollen las competencias que les permitan integrarse a la vida universitaria y de su comunidad como agentes de transformaci\u00f3n.<\/span><br><\/p>\n\n\n\n\n\n\n\n\n\n\n\n<h2>Oferta acad\u00e9mica<\/h2>\n<p>El alumno formado bajo el Modelo Educativo Salesiano se reconoce part\u00edcipe de una espiritualidad nacida con y para los j\u00f3venes, y se caracteriza porque al ser formado en nuestra instituci\u00f3n ser\u00e1 una persona:&nbsp;<br><\/p>\n\nEspiritual\nAut\u00f3noma\nResponsable\nCreativa\nColaborativa\nComunicativa\nResiliente\nCr\u00edtica\nEmprendedora\n\u00cdntegra\nLibre\n\n\n\n\n\n<p>Reafirmar los h\u00e1bitos y abrirse al conocimiento<br><\/p>\n<p>Dar solidez a los aprendizajes y ofrecer elementos para la universidad.<br><\/p>\n\n\n<p>Solidez en la diversidad de materias, que invitan a la exploraci\u00f3n.&nbsp;<br><\/p>\n\n\n\n\n\n\n\n<p>Educaci\u00f3n integral<\/p>\n\n<p>Acompa\u00f1amos el crecimiento integral de nuestros alumnos<\/p>\n<p>Por ello, que ofrecemos acompa\u00f1amiento psicopedag\u00f3gico, un renovado programa de ingl\u00e9s, actividades extraescolares y la posibilidad de participar en el Movimiento Juvenil Salesiano&nbsp;<\/p>\n\n\n<p>Conoce el trabajo del Departamento Psicopedag\u00f3gico<\/p>\n<p>Implementaci\u00f3n del Programa de Ingl\u00e9s en nuestro colegio<\/p>\n<p>Oferta de actividades extraescolares (deportivas y culturales)<\/p>\n<p>Un movimiento de j\u00f3venes para j\u00f3venes, que participan en diversas asociaciones<\/p>\n\n\n\n\n\n<h2>Servicios<\/h2>\n\n\n\n<p>Lineamientos del Seguro Escolar para su aplicaci\u00f3n y los pasos que habr\u00e1 que seguir.&nbsp;<br><\/p>\n\n\n<p>Conoce las actividades que se realizar\u00e1n durante el mes visitando el calendario.&nbsp;<br><\/p>\n\n\n<p>Ubicaci\u00f3n del colegio y los campos deportivos<br><\/p>\n\n\n<p>Procedimiento para el pago de las colegiaturas y la manera para solicitar la facturaci\u00f3n.<br><\/p>\n\n\n<p>L\u00edneas b\u00e1sicas para crecer en la cultura vial y participar en la patrulla escolar.<br><\/p>\n\n\n<p>Esemtia es nuestra plataforma, de apoyo acad\u00e9mico, Psicopedag\u00f3gico y administrativo<\/p>\n\n\n\n\n\n\n\n\n\n\n\n\n<h3>Plataforma<\/h3>\n<p>Esemtia es nuestra plataforma online que concentra la gesti\u00f3n de las diferentes \u00e1reas administrativas y acad\u00e9micas de nuestra instituci\u00f3n. Nos ofrece un entorno virtual para el seguimiento acad\u00e9mico y disciplinario, as\u00ed como para el acompa\u00f1amiento de alumnos y profesores.&nbsp;<br><\/p>\n\n\n\n\n<h2>Documentos<\/h2>\n<p style=\"text-align: center; \">Descarga los archivos en PDF<\/p>\n\n\n<p><span lang=\"ES\" style=\"text-align: start; font-size: 11.5pt; font-family: Lato, sans-serif; color: black; background: white;\">El PEPSAL 2025-2031 establece los objetivos de cada una de las dimensiones (educaci\u00f3n en la fe, educativo cultural, experiencia asociativa y vocacional), sus estrategias e intervenciones.<\/span><span style=\"caret-color: rgb(0, 0, 0); color: rgb(0, 0, 0); font-family: -webkit-standard; font-size: medium; text-align: start;\"><\/span><br><\/p>\n<p><span lang=\"ES\" style=\"text-align: start; font-size: 11pt; font-family: Calibri, sans-serif; color: black;\">La Red de Escuelas Salesianas de M\u00e9xico presenta el Modelo Educativo Salesiano, con la inspiraci\u00f3n carism\u00e1tica de San Juan Bosco<\/span><span style=\"caret-color: rgb(0, 0, 0); color: rgb(0, 0, 0); font-family: -webkit-standard; font-size: medium; text-align: start;\"><\/span><br><\/p>\n\n\n<p><span lang=\"ES\" style=\"text-align: start; font-size: 11.5pt; font-family: Lato, sans-serif; color: black; background: white;\">El reglamento tiene como finalidad construir el bien com\u00fan, a trav\u00e9s de valores, principios y normas que nos ayuden a cuidar el ambiente de familia.<\/span><span style=\"caret-color: rgb(0, 0, 0); color: rgb(0, 0, 0); font-family: -webkit-standard; font-size: medium; text-align: start;\"><\/span><br><\/p>\n<p><span lang=\"ES\" style=\"text-align: start; font-size: 11.5pt; font-family: Lato, sans-serif; color: black; background: white;\">La Comisi\u00f3n Inspectorial de Colegios presenta las normas que regulan el funcionamiento y garantiza la participaci\u00f3n de los que integran la Comunidad Educativo Pastoral<\/span><span style=\"caret-color: rgb(0, 0, 0); color: rgb(0, 0, 0); font-family: -webkit-standard; font-size: medium; text-align: start;\"><\/span><br><\/p>\n\n\n<p><span lang=\"ES\" style=\"text-align: start; font-size: 11.5pt; font-family: Lato, sans-serif; color: black; background: white;\">T\u00e9rminos y condiciones del manejo de los datos personales<\/span><span style=\"caret-color: rgb(0, 0, 0); color: rgb(0, 0, 0); font-family: -webkit-standard; font-size: medium; text-align: start;\"><\/span><br><\/p><p><span lang=\"ES\" style=\"text-align: start; font-size: 11.5pt; font-family: Lato, sans-serif; color: black; background: white;\"><br><\/span><\/p>\n<p><span lang=\"ES\" style=\"text-align: start; font-size: 11.5pt; font-family: Lato, sans-serif; color: black;\">El documento contiene los derechos y obligaciones de los educandos, padres de familia y del personal educativo.<\/span><br><\/p>\n\n\n\n\n\n\n<h1>\u00abLa educaci\u00f3n es cosa del coraz\u00f3n\u00bb<\/h1>\nDon Bosco\n\n\n","protected":false},"excerpt":{"rendered":"","protected":false},"author":1,"featured_media":0,"parent":0,"menu_order":0,"comment_status":"closed","ping_status":"closed","template":"","meta":{"pagelayer_contact_templates":[],"_pagelayer_content":"","footnotes":""},"class_list":["post-33","page","type-page","status-publish","hentry"],"_links":{"self":[{"href":"https:\/\/csalesianosgdl.mx\/web\/revolucion\/wp-json\/wp\/v2\/pages\/33","targetHints":{"allow":["GET"]}}],"collection":[{"href":"https:\/\/csalesianosgdl.mx\/web\/revolucion\/wp-json\/wp\/v2\/pages"}],"about":[{"href":"https:\/\/csalesianosgdl.mx\/web\/revolucion\/wp-json\/wp\/v2\/types\/page"}],"author":[{"embeddable":true,"href":"https:\/\/csalesianosgdl.mx\/web\/revolucion\/wp-json\/wp\/v2\/users\/1"}],"replies":[{"embeddable":true,"href":"https:\/\/csalesianosgdl.mx\/web\/revolucion\/wp-json\/wp\/v2\/comments?post=33"}],"version-history":[{"count":39,"href":"https:\/\/csalesianosgdl.mx\/web\/revolucion\/wp-json\/wp\/v2\/pages\/33\/revisions"}],"predecessor-version":[{"id":598,"href":"https:\/\/csalesianosgdl.mx\/web\/revolucion\/wp-json\/wp\/v2\/pages\/33\/revisions\/598"}],"wp:attachment":[{"href":"https:\/\/csalesianosgdl.mx\/web\/revolucion\/wp-json\/wp\/v2\/media?parent=33"}],"curies":[{"name":"wp","href":"https:\/\/api.w.org\/{rel}","templated":true}]}}