{"id":605,"date":"2024-08-26T13:11:18","date_gmt":"2024-08-26T19:11:18","guid":{"rendered":"https:\/\/csalesianosgdl.mx\/web\/?page_id=605"},"modified":"2026-08-31T07:49:37","modified_gmt":"2026-08-31T13:49:37","slug":"home","status":"publish","type":"page","link":"https:\/\/csalesianosgdl.mx\/web\/","title":{"rendered":"Home"},"content":{"rendered":"\n\n\n\n\n\n\n\n\n\n\n<h2>Mensaje del Director<\/h2>\n\n\n\n<p class=\"MsoNormal\" style=\"margin: 0cm; line-height: normal; font-size: medium; font-family: Aptos, sans-serif; caret-color: rgb(0, 0, 0); color: rgb(0, 0, 0);\"><b><span lang=\"ES-TRAD\" style=\"font-size: 11pt; font-family: Calibri, sans-serif;\">La Caridad es paciente, la caridad es benigna.&nbsp;<\/span><\/b><span lang=\"ES-TRAD\" style=\"font-size: 11pt; font-family: Calibri, sans-serif;\">\u201cConsagrados\u201d al bien integral de los j\u00f3venes<b><o:p><\/o:p><\/b><\/span><\/p><p class=\"MsoNormal\" style=\"margin: 0cm; line-height: normal; font-size: medium; font-family: Aptos, sans-serif; caret-color: rgb(0, 0, 0); color: rgb(0, 0, 0);\"><span lang=\"ES-TRAD\" style=\"font-size: 11pt; font-family: Calibri, sans-serif;\"><o:p>&nbsp;<\/o:p><\/span><\/p><p class=\"MsoNormal\" style=\"margin: 0cm; line-height: normal; font-size: medium; font-family: Aptos, sans-serif; caret-color: rgb(0, 0, 0); color: rgb(0, 0, 0);\"><span lang=\"ES-TRAD\" style=\"font-size: 11pt; font-family: Calibri, sans-serif;\">Querida comunidad de nuestros Colegios Salesianos de Guadalajara, reciban un cordial saludo de su servidor, P. Mario Alberto Escalante L\u00f3pez, asumiendo el servicio de Direcci\u00f3n y animaci\u00f3n general de nuestras Instituciones.<o:p><\/o:p><\/span><\/p><p class=\"MsoNormal\" style=\"margin: 0cm; line-height: normal; font-size: medium; font-family: Aptos, sans-serif; caret-color: rgb(0, 0, 0); color: rgb(0, 0, 0);\"><span lang=\"ES-TRAD\" style=\"font-size: 11pt; font-family: Calibri, sans-serif;\">Estoy agradecido con Dios y con cada uno de ustedes por el trabajo realizado por el bien de cada uno de nuestros alumnos. Gracias por todos sus esfuerzos.<o:p><\/o:p><\/span><\/p><p class=\"MsoNormal\" style=\"margin: 0cm; line-height: normal; font-size: medium; font-family: Aptos, sans-serif; caret-color: rgb(0, 0, 0); color: rgb(0, 0, 0);\"><span lang=\"ES-TRAD\" style=\"font-size: 11pt; font-family: Calibri, sans-serif;\">El ciclo escolar 2026-2027 abre para cada uno de nosotros retos nuevos, desaf\u00edos nuevos, ilusiones nuevas; que nos llevan en este a\u00f1o a seguir comprometi\u00e9ndonos en lo que nos corresponde sumar a este proyecto, como nos anima el Rector Mayor en su aguinaldo de este a\u00f1o: ser \u201cConsagrados\u201d; es decir, entregar nuestros esfuerzos diarios por el bien integral de nuestros alumnos, hijos y compa\u00f1eros.<o:p><\/o:p><\/span><\/p><p class=\"MsoNormal\" style=\"margin: 0cm; line-height: normal; font-size: medium; font-family: Aptos, sans-serif; caret-color: rgb(0, 0, 0); color: rgb(0, 0, 0);\"><span lang=\"ES-TRAD\" style=\"font-size: 11pt; font-family: Calibri, sans-serif;\">Somos herederos de un sistema educativo, inspirado por nuestro Padre Don Bosco, que nos invita a vivir con caridad y paciencia nuestra presencia con nuestros alumnos.<o:p><\/o:p><\/span><\/p><p class=\"MsoNormal\" style=\"margin: 0cm; line-height: normal; font-size: medium; font-family: Aptos, sans-serif; caret-color: rgb(0, 0, 0); color: rgb(0, 0, 0);\"><span lang=\"ES-TRAD\" style=\"font-size: 11pt; font-family: Calibri, sans-serif;\">Que la figura del Cristo Buen Pastor guie y sostenga todos nuestros esfuerzos. Encomendamos la intervenci\u00f3n de la Auxiliadora de los Cristianos en todos nuestros esfuerzos diarios y que Don Bosco nos siga inspirando a hacer el bien a cada uno de nuestros alumnos.<o:p><\/o:p><\/span><\/p><p class=\"MsoNormal\" style=\"margin: 0cm; line-height: normal; font-size: medium; font-family: Aptos, sans-serif; caret-color: rgb(0, 0, 0); color: rgb(0, 0, 0);\"><span lang=\"ES-TRAD\" style=\"font-size: 11pt; font-family: Calibri, sans-serif;\">Deseo a toda la Comunidad Educativa, mucho \u00e9xito, salud y alegr\u00eda para cada d\u00eda de este a\u00f1o.<o:p><\/o:p><\/span><\/p><p class=\"MsoNormal\" style=\"margin: 0cm; line-height: normal; font-size: medium; font-family: Aptos, sans-serif; caret-color: rgb(0, 0, 0); color: rgb(0, 0, 0);\"><span lang=\"ES-TRAD\" style=\"font-size: 11pt; font-family: Calibri, sans-serif;\"><o:p>&nbsp;<\/o:p><\/span><\/p><p class=\"MsoNormal\" style=\"margin: 0cm; line-height: normal; font-size: medium; font-family: Aptos, sans-serif; caret-color: rgb(0, 0, 0); color: rgb(0, 0, 0);\"><span lang=\"ES-TRAD\" style=\"font-size: 11pt; font-family: Calibri, sans-serif;\">Cordialmente<o:p><\/o:p><\/span><\/p><p class=\"MsoNormal\" style=\"margin: 0cm; line-height: normal; font-size: medium; font-family: Aptos, sans-serif; caret-color: rgb(0, 0, 0); color: rgb(0, 0, 0);\"><b><span lang=\"ES-TRAD\" style=\"font-size: 11pt; font-family: Calibri, sans-serif;\">P. Mario Alberto Escalante L\u00f3pez sdb<o:p><\/o:p><\/span><\/b><\/p><p class=\"MsoNormal\" style=\"margin: 0cm; line-height: normal; font-size: medium; font-family: Aptos, sans-serif; caret-color: rgb(0, 0, 0); color: rgb(0, 0, 0);\"><span lang=\"ES-TRAD\" style=\"font-size: 11pt; font-family: Calibri, sans-serif;\">Director General Colegios Salesianos de Guadalajara<o:p><\/o:p><\/span><\/p>\n\n\n\n\n\n\n\n\n\n<h6>An\u00e1huac Chapalita<\/h6>\n\n\n\n\n<h6>An\u00e1huac Garibaldi<\/h6>\n\n\n\n<h6>An\u00e1huac Revoluci\u00f3n<\/h6>\n\n\n\n\n\n\n<h2>Nosotros<\/h2>\n\n\n<p><span lang=\"ES-TRAD\" style=\"text-align: start; font-size: 11pt; font-family: Calibri, sans-serif; color: black;\">El Modelo Educativo Salesiano busca promover y comprometer a toda la persona del educador y a la comunidad de la que forma parte.<\/span><span style=\"caret-color: rgb(0, 0, 0); color: rgb(0, 0, 0); font-family: -webkit-standard; font-size: medium; text-align: start;\"><\/span><br><\/p>\n\n\n\n<p><span lang=\"ES\" style=\"text-align: start; font-size: 11pt; font-family: Calibri, sans-serif; color: black;\">Tenemos como misi\u00f3n formar \u201cbuenos cristianos y honrados ciudadanos\u201d.<\/span><span style=\"caret-color: rgb(0, 0, 0); color: rgb(0, 0, 0); font-family: -webkit-standard; font-size: medium; text-align: start;\"><\/span><br><\/p>\n\n\n\n<p><span lang=\"ES\" style=\"text-align: start; font-size: 11pt; font-family: Calibri, sans-serif; color: black;\">Favorecemos un ambiente educativo respetuoso y creativo donde se pueda hacer experiencia de valores humanos y cristianos.<\/span><span style=\"caret-color: rgb(0, 0, 0); color: rgb(0, 0, 0); font-family: -webkit-standard; font-size: medium; text-align: start;\"><\/span><br><\/p>\n\n\n\n<p><span lang=\"ES\" style=\"text-align: start; font-size: 11pt; font-family: Calibri, sans-serif; color: black;\">Confiamos en los j\u00f3venes, coraz\u00f3n del proyecto educativo salesiano, pues son los protagonistas del futuro.<\/span><span style=\"caret-color: rgb(0, 0, 0); color: rgb(0, 0, 0); font-family: -webkit-standard; font-size: medium; text-align: start;\"><\/span><br><\/p>\n\n\n\n\n\n\n\n\n<h1>\u00abLa educaci\u00f3n es cosa del coraz\u00f3n\u00bb<\/h1>\n\n\nDon Bosco\n\n\n\n\n\n\n\n\n\n\n\n\n\n\n<h2>Documentos oficiales<\/h2>\n\n\n<p><\/p><center>Descarga los documentos en PDF<center><p><\/p><\/center><\/center>\n\n\n\n<p><span lang=\"ES\">El PEPSAL 2025-2031 establece los objetivos de cada una de las dimensiones (educaci\u00f3n en la fe, educativo cultural, experiencia asociativa y vocacional), sus estrategias e intervenciones.<\/span><\/p>\n\n\n<p class=\"MsoNormal\" style=\"text-align: center; margin: 0cm;\"><span style=\"text-align: center;\">La&nbsp;Red de Escuelas Salesianas de M\u00e9xico presenta el Modelo Educativo Salesiano, con la inspiraci\u00f3n carism\u00e1tica de&nbsp;san Juan Bosco.<\/span><\/p>\n\n\n\n<p>Documento general de la Pastoral Juvenil Salesiana<\/p>\n\n\n\n\n\n\n\n\n<p>Lorem Ipsum has been the industry&#8217;s standard dummy text ever since the 1500s.<\/p>\n\n\n\n\n\n<h3>Plataforma\u00a0<\/h3>\n\n<p>Esemtia es nuestra plataforma online que concentra la gesti\u00f3n de las diferentes \u00e1reas administrativas y acad\u00e9micas de nuestra instituci\u00f3n. Nos ofrece un entorno virtual para el seguimiento acad\u00e9mico y disciplinario, as\u00ed como para el acompa\u00f1amiento de alumnos y profesores.&nbsp;<br><\/p>\n\n\n\n\n\n\n\n\n","protected":false},"excerpt":{"rendered":"","protected":false},"author":1,"featured_media":0,"parent":0,"menu_order":0,"comment_status":"closed","ping_status":"closed","template":"","meta":{"pagelayer_contact_templates":[],"_pagelayer_content":"","footnotes":""},"class_list":["post-605","page","type-page","status-publish","hentry"],"_links":{"self":[{"href":"https:\/\/csalesianosgdl.mx\/web\/wp-json\/wp\/v2\/pages\/605","targetHints":{"allow":["GET"]}}],"collection":[{"href":"https:\/\/csalesianosgdl.mx\/web\/wp-json\/wp\/v2\/pages"}],"about":[{"href":"https:\/\/csalesianosgdl.mx\/web\/wp-json\/wp\/v2\/types\/page"}],"author":[{"embeddable":true,"href":"https:\/\/csalesianosgdl.mx\/web\/wp-json\/wp\/v2\/users\/1"}],"replies":[{"embeddable":true,"href":"https:\/\/csalesianosgdl.mx\/web\/wp-json\/wp\/v2\/comments?post=605"}],"version-history":[{"count":23,"href":"https:\/\/csalesianosgdl.mx\/web\/wp-json\/wp\/v2\/pages\/605\/revisions"}],"predecessor-version":[{"id":680,"href":"https:\/\/csalesianosgdl.mx\/web\/wp-json\/wp\/v2\/pages\/605\/revisions\/680"}],"wp:attachment":[{"href":"https:\/\/csalesianosgdl.mx\/web\/wp-json\/wp\/v2\/media?parent=605"}],"curies":[{"name":"wp","href":"https:\/\/api.w.org\/{rel}","templated":true}]}}